{"id":12300,"date":"2019-03-09T16:52:20","date_gmt":"2019-03-09T15:52:20","guid":{"rendered":"https:\/\/klangstelle.com\/?post_type=avada_portfolio&#038;p=12300"},"modified":"2019-03-24T16:39:00","modified_gmt":"2019-03-24T15:39:00","slug":"mercedes-sprinter-2","status":"publish","type":"avada_portfolio","link":"https:\/\/klangstelle.com\/index.php\/portfolio-items\/mercedes-sprinter-2\/","title":{"rendered":"Mercedes Sprinter"},"content":{"rendered":"<div class=\"fusion-fullwidth fullwidth-box fusion-builder-row-1 nonhundred-percent-fullwidth non-hundred-percent-height-scrolling\" style=\"--awb-border-radius-top-left:0px;--awb-border-radius-top-right:0px;--awb-border-radius-bottom-right:0px;--awb-border-radius-bottom-left:0px;--awb-flex-wrap:wrap;\" ><div class=\"fusion-builder-row fusion-row\"><div class=\"fusion-layout-column fusion_builder_column fusion-builder-column-0 fusion_builder_column_1_1 1_1 fusion-one-full fusion-column-first fusion-column-last\" style=\"--awb-bg-size:cover;\"><div class=\"fusion-column-wrapper fusion-flex-column-wrapper-legacy\"><div class=\"fusion-text fusion-text-1\"><p>Hier haben wir f\u00fcr ein Partnerunternehmen Bassgeh\u00e4use f\u00fcr zwei Mercedes Sprinter gebaut. Die Geh\u00e4use kamen neben die Radk\u00e4sten.<\/p>\n<p>Da es sich hierbei um gepanzerte Fahrzeuge handelt, darf das Endergebnis leider nicht gezeigt werden.<\/p>\n<\/div><div class=\"awb-gallery-wrapper awb-gallery-wrapper-1 button-span-no\"><div style=\"margin:-5px;--awb-bordersize:0px;\" class=\"fusion-gallery fusion-gallery-container fusion-grid-3 fusion-columns-total-14 fusion-gallery-layout-grid fusion-gallery-1\"><div style=\"padding:5px;\" class=\"fusion-grid-column fusion-gallery-column fusion-gallery-column-3 hover-type-none\"><div class=\"fusion-gallery-image\"><a href=\"https:\/\/klangstelle.com\/wp-content\/uploads\/2019\/03\/IMG_5905-resize.jpg\" rel=\"noreferrer\" data-rel=\"iLightbox[gallery_image_1]\" class=\"fusion-lightbox\" target=\"_self\"><img decoding=\"async\" src=\"https:\/\/klangstelle.com\/wp-content\/uploads\/2019\/03\/IMG_5905-resize.jpg\" width=\"1920\" height=\"1440\" alt=\"\" title=\"Mercedes Sprinter\" aria-label=\"Mercedes Sprinter\" class=\"img-responsive wp-image-12302\" srcset=\"https:\/\/klangstelle.com\/wp-content\/uploads\/2019\/03\/IMG_5905-resize-200x150.jpg 200w, https:\/\/klangstelle.com\/wp-content\/uploads\/2019\/03\/IMG_5905-resize-400x300.jpg 400w, https:\/\/klangstelle.com\/wp-content\/uploads\/2019\/03\/IMG_5905-resize-600x450.jpg 600w, https:\/\/klangstelle.com\/wp-content\/uploads\/2019\/03\/IMG_5905-resize-800x600.jpg 800w, https:\/\/klangstelle.com\/wp-content\/uploads\/2019\/03\/IMG_5905-resize-1200x900.jpg 1200w, https:\/\/klangstelle.com\/wp-content\/uploads\/2019\/03\/IMG_5905-resize.jpg 1920w\" sizes=\"(min-width: 2200px) 100vw, (min-width: 824px) 363px, (min-width: 732px) 545px, (min-width: 640px) 732px, \" \/><\/a><\/div><\/div><div style=\"padding:5px;\" class=\"fusion-grid-column fusion-gallery-column fusion-gallery-column-3 hover-type-none\"><div class=\"fusion-gallery-image\"><a href=\"https:\/\/klangstelle.com\/wp-content\/uploads\/2019\/03\/IMG_5884-resize.jpg\" rel=\"noreferrer\" data-rel=\"iLightbox[gallery_image_1]\" class=\"fusion-lightbox\" target=\"_self\"><img decoding=\"async\" src=\"https:\/\/klangstelle.com\/wp-content\/uploads\/2019\/03\/IMG_5884-resize.jpg\" width=\"1920\" height=\"1440\" alt=\"\" title=\"IMG_5884-resize\" aria-label=\"IMG_5884-resize\" class=\"img-responsive wp-image-12303\" srcset=\"https:\/\/klangstelle.com\/wp-content\/uploads\/2019\/03\/IMG_5884-resize-200x150.jpg 200w, https:\/\/klangstelle.com\/wp-content\/uploads\/2019\/03\/IMG_5884-resize-400x300.jpg 400w, https:\/\/klangstelle.com\/wp-content\/uploads\/2019\/03\/IMG_5884-resize-600x450.jpg 600w, https:\/\/klangstelle.com\/wp-content\/uploads\/2019\/03\/IMG_5884-resize-800x600.jpg 800w, https:\/\/klangstelle.com\/wp-content\/uploads\/2019\/03\/IMG_5884-resize-1200x900.jpg 1200w, https:\/\/klangstelle.com\/wp-content\/uploads\/2019\/03\/IMG_5884-resize.jpg 1920w\" sizes=\"(min-width: 2200px) 100vw, (min-width: 824px) 363px, (min-width: 732px) 545px, (min-width: 640px) 732px, \" \/><\/a><\/div><\/div><div style=\"padding:5px;\" class=\"fusion-grid-column fusion-gallery-column fusion-gallery-column-3 hover-type-none\"><div class=\"fusion-gallery-image\"><a href=\"https:\/\/klangstelle.com\/wp-content\/uploads\/2019\/03\/IMG_5885-resize.jpg\" rel=\"noreferrer\" data-rel=\"iLightbox[gallery_image_1]\" class=\"fusion-lightbox\" target=\"_self\"><img decoding=\"async\" src=\"https:\/\/klangstelle.com\/wp-content\/uploads\/2019\/03\/IMG_5885-resize.jpg\" width=\"1920\" height=\"1440\" alt=\"\" title=\"IMG_5885-resize\" aria-label=\"IMG_5885-resize\" class=\"img-responsive wp-image-12304\" srcset=\"https:\/\/klangstelle.com\/wp-content\/uploads\/2019\/03\/IMG_5885-resize-200x150.jpg 200w, https:\/\/klangstelle.com\/wp-content\/uploads\/2019\/03\/IMG_5885-resize-400x300.jpg 400w, https:\/\/klangstelle.com\/wp-content\/uploads\/2019\/03\/IMG_5885-resize-600x450.jpg 600w, https:\/\/klangstelle.com\/wp-content\/uploads\/2019\/03\/IMG_5885-resize-800x600.jpg 800w, https:\/\/klangstelle.com\/wp-content\/uploads\/2019\/03\/IMG_5885-resize-1200x900.jpg 1200w, https:\/\/klangstelle.com\/wp-content\/uploads\/2019\/03\/IMG_5885-resize.jpg 1920w\" sizes=\"(min-width: 2200px) 100vw, (min-width: 824px) 363px, (min-width: 732px) 545px, (min-width: 640px) 732px, \" \/><\/a><\/div><\/div><div class=\"clearfix\"><\/div><div style=\"padding:5px;\" class=\"fusion-grid-column fusion-gallery-column fusion-gallery-column-3 hover-type-none\"><div class=\"fusion-gallery-image\"><a href=\"https:\/\/klangstelle.com\/wp-content\/uploads\/2019\/03\/IMG_5890-resize.jpg\" rel=\"noreferrer\" data-rel=\"iLightbox[gallery_image_1]\" class=\"fusion-lightbox\" target=\"_self\"><img decoding=\"async\" src=\"https:\/\/klangstelle.com\/wp-content\/uploads\/2019\/03\/IMG_5890-resize.jpg\" width=\"1920\" height=\"1440\" alt=\"\" title=\"IMG_5890-resize\" aria-label=\"IMG_5890-resize\" class=\"img-responsive wp-image-12305\" srcset=\"https:\/\/klangstelle.com\/wp-content\/uploads\/2019\/03\/IMG_5890-resize-200x150.jpg 200w, https:\/\/klangstelle.com\/wp-content\/uploads\/2019\/03\/IMG_5890-resize-400x300.jpg 400w, https:\/\/klangstelle.com\/wp-content\/uploads\/2019\/03\/IMG_5890-resize-600x450.jpg 600w, https:\/\/klangstelle.com\/wp-content\/uploads\/2019\/03\/IMG_5890-resize-800x600.jpg 800w, https:\/\/klangstelle.com\/wp-content\/uploads\/2019\/03\/IMG_5890-resize-1200x900.jpg 1200w, https:\/\/klangstelle.com\/wp-content\/uploads\/2019\/03\/IMG_5890-resize.jpg 1920w\" sizes=\"(min-width: 2200px) 100vw, (min-width: 824px) 363px, (min-width: 732px) 545px, (min-width: 640px) 732px, \" \/><\/a><\/div><\/div><div style=\"padding:5px;\" class=\"fusion-grid-column fusion-gallery-column fusion-gallery-column-3 hover-type-none\"><div class=\"fusion-gallery-image\"><a href=\"https:\/\/klangstelle.com\/wp-content\/uploads\/2019\/03\/IMG_5891-resize.jpg\" rel=\"noreferrer\" data-rel=\"iLightbox[gallery_image_1]\" class=\"fusion-lightbox\" target=\"_self\"><img decoding=\"async\" src=\"https:\/\/klangstelle.com\/wp-content\/uploads\/2019\/03\/IMG_5891-resize.jpg\" width=\"1920\" height=\"1440\" alt=\"\" title=\"IMG_5891-resize\" aria-label=\"IMG_5891-resize\" class=\"img-responsive wp-image-12306\" srcset=\"https:\/\/klangstelle.com\/wp-content\/uploads\/2019\/03\/IMG_5891-resize-200x150.jpg 200w, https:\/\/klangstelle.com\/wp-content\/uploads\/2019\/03\/IMG_5891-resize-400x300.jpg 400w, https:\/\/klangstelle.com\/wp-content\/uploads\/2019\/03\/IMG_5891-resize-600x450.jpg 600w, https:\/\/klangstelle.com\/wp-content\/uploads\/2019\/03\/IMG_5891-resize-800x600.jpg 800w, https:\/\/klangstelle.com\/wp-content\/uploads\/2019\/03\/IMG_5891-resize-1200x900.jpg 1200w, https:\/\/klangstelle.com\/wp-content\/uploads\/2019\/03\/IMG_5891-resize.jpg 1920w\" sizes=\"(min-width: 2200px) 100vw, (min-width: 824px) 363px, (min-width: 732px) 545px, (min-width: 640px) 732px, \" \/><\/a><\/div><\/div><div style=\"padding:5px;\" class=\"fusion-grid-column fusion-gallery-column fusion-gallery-column-3 hover-type-none\"><div class=\"fusion-gallery-image\"><a href=\"https:\/\/klangstelle.com\/wp-content\/uploads\/2019\/03\/IMG_5895-resize.jpg\" rel=\"noreferrer\" data-rel=\"iLightbox[gallery_image_1]\" class=\"fusion-lightbox\" target=\"_self\"><img decoding=\"async\" src=\"https:\/\/klangstelle.com\/wp-content\/uploads\/2019\/03\/IMG_5895-resize.jpg\" width=\"1920\" height=\"1440\" alt=\"\" title=\"IMG_5895-resize\" aria-label=\"IMG_5895-resize\" class=\"img-responsive wp-image-12307\" srcset=\"https:\/\/klangstelle.com\/wp-content\/uploads\/2019\/03\/IMG_5895-resize-200x150.jpg 200w, https:\/\/klangstelle.com\/wp-content\/uploads\/2019\/03\/IMG_5895-resize-400x300.jpg 400w, https:\/\/klangstelle.com\/wp-content\/uploads\/2019\/03\/IMG_5895-resize-600x450.jpg 600w, https:\/\/klangstelle.com\/wp-content\/uploads\/2019\/03\/IMG_5895-resize-800x600.jpg 800w, https:\/\/klangstelle.com\/wp-content\/uploads\/2019\/03\/IMG_5895-resize-1200x900.jpg 1200w, https:\/\/klangstelle.com\/wp-content\/uploads\/2019\/03\/IMG_5895-resize.jpg 1920w\" sizes=\"(min-width: 2200px) 100vw, (min-width: 824px) 363px, (min-width: 732px) 545px, (min-width: 640px) 732px, \" \/><\/a><\/div><\/div><div class=\"clearfix\"><\/div><div style=\"padding:5px;\" class=\"fusion-grid-column fusion-gallery-column fusion-gallery-column-3 hover-type-none\"><div class=\"fusion-gallery-image\"><a href=\"https:\/\/klangstelle.com\/wp-content\/uploads\/2019\/03\/IMG_5896-resize.jpg\" rel=\"noreferrer\" data-rel=\"iLightbox[gallery_image_1]\" class=\"fusion-lightbox\" target=\"_self\"><img decoding=\"async\" src=\"https:\/\/klangstelle.com\/wp-content\/uploads\/2019\/03\/IMG_5896-resize.jpg\" width=\"1920\" height=\"1440\" alt=\"\" title=\"IMG_5896-resize\" aria-label=\"IMG_5896-resize\" class=\"img-responsive wp-image-12308\" srcset=\"https:\/\/klangstelle.com\/wp-content\/uploads\/2019\/03\/IMG_5896-resize-200x150.jpg 200w, https:\/\/klangstelle.com\/wp-content\/uploads\/2019\/03\/IMG_5896-resize-400x300.jpg 400w, https:\/\/klangstelle.com\/wp-content\/uploads\/2019\/03\/IMG_5896-resize-600x450.jpg 600w, https:\/\/klangstelle.com\/wp-content\/uploads\/2019\/03\/IMG_5896-resize-800x600.jpg 800w, https:\/\/klangstelle.com\/wp-content\/uploads\/2019\/03\/IMG_5896-resize-1200x900.jpg 1200w, https:\/\/klangstelle.com\/wp-content\/uploads\/2019\/03\/IMG_5896-resize.jpg 1920w\" sizes=\"(min-width: 2200px) 100vw, (min-width: 824px) 363px, (min-width: 732px) 545px, (min-width: 640px) 732px, \" \/><\/a><\/div><\/div><div style=\"padding:5px;\" class=\"fusion-grid-column fusion-gallery-column fusion-gallery-column-3 hover-type-none\"><div class=\"fusion-gallery-image\"><a href=\"https:\/\/klangstelle.com\/wp-content\/uploads\/2019\/03\/IMG_5897-resize.jpg\" rel=\"noreferrer\" data-rel=\"iLightbox[gallery_image_1]\" class=\"fusion-lightbox\" target=\"_self\"><img decoding=\"async\" src=\"https:\/\/klangstelle.com\/wp-content\/uploads\/2019\/03\/IMG_5897-resize.jpg\" width=\"1920\" height=\"1440\" alt=\"\" title=\"IMG_5897-resize\" aria-label=\"IMG_5897-resize\" class=\"img-responsive wp-image-12309\" srcset=\"https:\/\/klangstelle.com\/wp-content\/uploads\/2019\/03\/IMG_5897-resize-200x150.jpg 200w, https:\/\/klangstelle.com\/wp-content\/uploads\/2019\/03\/IMG_5897-resize-400x300.jpg 400w, https:\/\/klangstelle.com\/wp-content\/uploads\/2019\/03\/IMG_5897-resize-600x450.jpg 600w, https:\/\/klangstelle.com\/wp-content\/uploads\/2019\/03\/IMG_5897-resize-800x600.jpg 800w, https:\/\/klangstelle.com\/wp-content\/uploads\/2019\/03\/IMG_5897-resize-1200x900.jpg 1200w, https:\/\/klangstelle.com\/wp-content\/uploads\/2019\/03\/IMG_5897-resize.jpg 1920w\" sizes=\"(min-width: 2200px) 100vw, (min-width: 824px) 363px, (min-width: 732px) 545px, (min-width: 640px) 732px, \" \/><\/a><\/div><\/div><div style=\"padding:5px;\" class=\"fusion-grid-column fusion-gallery-column fusion-gallery-column-3 hover-type-none\"><div class=\"fusion-gallery-image\"><a href=\"https:\/\/klangstelle.com\/wp-content\/uploads\/2019\/03\/IMG_5898-resize.jpg\" rel=\"noreferrer\" data-rel=\"iLightbox[gallery_image_1]\" class=\"fusion-lightbox\" target=\"_self\"><img decoding=\"async\" src=\"https:\/\/klangstelle.com\/wp-content\/uploads\/2019\/03\/IMG_5898-resize.jpg\" width=\"1920\" height=\"1440\" alt=\"\" title=\"IMG_5898-resize\" aria-label=\"IMG_5898-resize\" class=\"img-responsive wp-image-12310\" srcset=\"https:\/\/klangstelle.com\/wp-content\/uploads\/2019\/03\/IMG_5898-resize-200x150.jpg 200w, https:\/\/klangstelle.com\/wp-content\/uploads\/2019\/03\/IMG_5898-resize-400x300.jpg 400w, https:\/\/klangstelle.com\/wp-content\/uploads\/2019\/03\/IMG_5898-resize-600x450.jpg 600w, https:\/\/klangstelle.com\/wp-content\/uploads\/2019\/03\/IMG_5898-resize-800x600.jpg 800w, https:\/\/klangstelle.com\/wp-content\/uploads\/2019\/03\/IMG_5898-resize-1200x900.jpg 1200w, https:\/\/klangstelle.com\/wp-content\/uploads\/2019\/03\/IMG_5898-resize.jpg 1920w\" sizes=\"(min-width: 2200px) 100vw, (min-width: 824px) 363px, (min-width: 732px) 545px, (min-width: 640px) 732px, \" \/><\/a><\/div><\/div><div class=\"clearfix\"><\/div><div style=\"padding:5px;\" class=\"fusion-grid-column fusion-gallery-column fusion-gallery-column-3 hover-type-none\"><div class=\"fusion-gallery-image\"><a href=\"https:\/\/klangstelle.com\/wp-content\/uploads\/2019\/03\/IMG_5899-resize.jpg\" rel=\"noreferrer\" data-rel=\"iLightbox[gallery_image_1]\" class=\"fusion-lightbox\" target=\"_self\"><img decoding=\"async\" src=\"https:\/\/klangstelle.com\/wp-content\/uploads\/2019\/03\/IMG_5899-resize.jpg\" width=\"1920\" height=\"1440\" alt=\"\" title=\"IMG_5899-resize\" aria-label=\"IMG_5899-resize\" class=\"img-responsive wp-image-12311\" srcset=\"https:\/\/klangstelle.com\/wp-content\/uploads\/2019\/03\/IMG_5899-resize-200x150.jpg 200w, https:\/\/klangstelle.com\/wp-content\/uploads\/2019\/03\/IMG_5899-resize-400x300.jpg 400w, https:\/\/klangstelle.com\/wp-content\/uploads\/2019\/03\/IMG_5899-resize-600x450.jpg 600w, https:\/\/klangstelle.com\/wp-content\/uploads\/2019\/03\/IMG_5899-resize-800x600.jpg 800w, https:\/\/klangstelle.com\/wp-content\/uploads\/2019\/03\/IMG_5899-resize-1200x900.jpg 1200w, https:\/\/klangstelle.com\/wp-content\/uploads\/2019\/03\/IMG_5899-resize.jpg 1920w\" sizes=\"(min-width: 2200px) 100vw, (min-width: 824px) 363px, (min-width: 732px) 545px, (min-width: 640px) 732px, \" \/><\/a><\/div><\/div><div style=\"padding:5px;\" class=\"fusion-grid-column fusion-gallery-column fusion-gallery-column-3 hover-type-none\"><div class=\"fusion-gallery-image\"><a href=\"https:\/\/klangstelle.com\/wp-content\/uploads\/2019\/03\/IMG_5900-resize.jpg\" rel=\"noreferrer\" data-rel=\"iLightbox[gallery_image_1]\" class=\"fusion-lightbox\" target=\"_self\"><img decoding=\"async\" src=\"https:\/\/klangstelle.com\/wp-content\/uploads\/2019\/03\/IMG_5900-resize.jpg\" width=\"1920\" height=\"1440\" alt=\"\" title=\"IMG_5900-resize\" aria-label=\"IMG_5900-resize\" class=\"img-responsive wp-image-12312\" srcset=\"https:\/\/klangstelle.com\/wp-content\/uploads\/2019\/03\/IMG_5900-resize-200x150.jpg 200w, https:\/\/klangstelle.com\/wp-content\/uploads\/2019\/03\/IMG_5900-resize-400x300.jpg 400w, https:\/\/klangstelle.com\/wp-content\/uploads\/2019\/03\/IMG_5900-resize-600x450.jpg 600w, https:\/\/klangstelle.com\/wp-content\/uploads\/2019\/03\/IMG_5900-resize-800x600.jpg 800w, https:\/\/klangstelle.com\/wp-content\/uploads\/2019\/03\/IMG_5900-resize-1200x900.jpg 1200w, https:\/\/klangstelle.com\/wp-content\/uploads\/2019\/03\/IMG_5900-resize.jpg 1920w\" sizes=\"(min-width: 2200px) 100vw, (min-width: 824px) 363px, (min-width: 732px) 545px, (min-width: 640px) 732px, \" \/><\/a><\/div><\/div><div style=\"padding:5px;\" class=\"fusion-grid-column fusion-gallery-column fusion-gallery-column-3 hover-type-none\"><div class=\"fusion-gallery-image\"><a href=\"https:\/\/klangstelle.com\/wp-content\/uploads\/2019\/03\/IMG_5901-resize.jpg\" rel=\"noreferrer\" data-rel=\"iLightbox[gallery_image_1]\" class=\"fusion-lightbox\" target=\"_self\"><img decoding=\"async\" src=\"https:\/\/klangstelle.com\/wp-content\/uploads\/2019\/03\/IMG_5901-resize.jpg\" width=\"1920\" height=\"1440\" alt=\"\" title=\"IMG_5901-resize\" aria-label=\"IMG_5901-resize\" class=\"img-responsive wp-image-12313\" srcset=\"https:\/\/klangstelle.com\/wp-content\/uploads\/2019\/03\/IMG_5901-resize-200x150.jpg 200w, https:\/\/klangstelle.com\/wp-content\/uploads\/2019\/03\/IMG_5901-resize-400x300.jpg 400w, https:\/\/klangstelle.com\/wp-content\/uploads\/2019\/03\/IMG_5901-resize-600x450.jpg 600w, https:\/\/klangstelle.com\/wp-content\/uploads\/2019\/03\/IMG_5901-resize-800x600.jpg 800w, https:\/\/klangstelle.com\/wp-content\/uploads\/2019\/03\/IMG_5901-resize-1200x900.jpg 1200w, https:\/\/klangstelle.com\/wp-content\/uploads\/2019\/03\/IMG_5901-resize.jpg 1920w\" sizes=\"(min-width: 2200px) 100vw, (min-width: 824px) 363px, (min-width: 732px) 545px, (min-width: 640px) 732px, \" \/><\/a><\/div><\/div><div class=\"clearfix\"><\/div><div style=\"padding:5px;\" class=\"fusion-grid-column fusion-gallery-column fusion-gallery-column-3 hover-type-none\"><div class=\"fusion-gallery-image\"><a href=\"https:\/\/klangstelle.com\/wp-content\/uploads\/2019\/03\/IMG_5902-resize.jpg\" rel=\"noreferrer\" data-rel=\"iLightbox[gallery_image_1]\" class=\"fusion-lightbox\" target=\"_self\"><img decoding=\"async\" src=\"https:\/\/klangstelle.com\/wp-content\/uploads\/2019\/03\/IMG_5902-resize.jpg\" width=\"1920\" height=\"1440\" alt=\"\" title=\"IMG_5902-resize\" aria-label=\"IMG_5902-resize\" class=\"img-responsive wp-image-12314\" srcset=\"https:\/\/klangstelle.com\/wp-content\/uploads\/2019\/03\/IMG_5902-resize-200x150.jpg 200w, https:\/\/klangstelle.com\/wp-content\/uploads\/2019\/03\/IMG_5902-resize-400x300.jpg 400w, https:\/\/klangstelle.com\/wp-content\/uploads\/2019\/03\/IMG_5902-resize-600x450.jpg 600w, https:\/\/klangstelle.com\/wp-content\/uploads\/2019\/03\/IMG_5902-resize-800x600.jpg 800w, https:\/\/klangstelle.com\/wp-content\/uploads\/2019\/03\/IMG_5902-resize-1200x900.jpg 1200w, https:\/\/klangstelle.com\/wp-content\/uploads\/2019\/03\/IMG_5902-resize.jpg 1920w\" sizes=\"(min-width: 2200px) 100vw, (min-width: 824px) 363px, (min-width: 732px) 545px, (min-width: 640px) 732px, \" \/><\/a><\/div><\/div><div style=\"padding:5px;\" class=\"fusion-grid-column fusion-gallery-column fusion-gallery-column-3 hover-type-none\"><div class=\"fusion-gallery-image\"><a href=\"https:\/\/klangstelle.com\/wp-content\/uploads\/2019\/03\/IMG_5904-resize.jpg\" rel=\"noreferrer\" data-rel=\"iLightbox[gallery_image_1]\" class=\"fusion-lightbox\" target=\"_self\"><img decoding=\"async\" src=\"https:\/\/klangstelle.com\/wp-content\/uploads\/2019\/03\/IMG_5904-resize.jpg\" width=\"1920\" height=\"1440\" alt=\"\" title=\"IMG_5904-resize\" aria-label=\"IMG_5904-resize\" class=\"img-responsive wp-image-12315\" srcset=\"https:\/\/klangstelle.com\/wp-content\/uploads\/2019\/03\/IMG_5904-resize-200x150.jpg 200w, https:\/\/klangstelle.com\/wp-content\/uploads\/2019\/03\/IMG_5904-resize-400x300.jpg 400w, https:\/\/klangstelle.com\/wp-content\/uploads\/2019\/03\/IMG_5904-resize-600x450.jpg 600w, https:\/\/klangstelle.com\/wp-content\/uploads\/2019\/03\/IMG_5904-resize-800x600.jpg 800w, https:\/\/klangstelle.com\/wp-content\/uploads\/2019\/03\/IMG_5904-resize-1200x900.jpg 1200w, https:\/\/klangstelle.com\/wp-content\/uploads\/2019\/03\/IMG_5904-resize.jpg 1920w\" sizes=\"(min-width: 2200px) 100vw, (min-width: 824px) 363px, (min-width: 732px) 545px, (min-width: 640px) 732px, \" \/><\/a><\/div><\/div><\/div><\/div><div class=\"fusion-clearfix\"><\/div><\/div><\/div><\/div><\/div>\n","protected":false},"excerpt":{"rendered":"","protected":false},"author":1,"featured_media":12301,"menu_order":0,"comment_status":"closed","ping_status":"closed","template":"","format":"standard","meta":{"footnotes":""},"portfolio_category":[43],"portfolio_skills":[],"portfolio_tags":[],"class_list":["post-12300","avada_portfolio","type-avada_portfolio","status-publish","format-standard","has-post-thumbnail","hentry","portfolio_category-mercedes"],"_links":{"self":[{"href":"https:\/\/klangstelle.com\/index.php\/wp-json\/wp\/v2\/avada_portfolio\/12300","targetHints":{"allow":["GET"]}}],"collection":[{"href":"https:\/\/klangstelle.com\/index.php\/wp-json\/wp\/v2\/avada_portfolio"}],"about":[{"href":"https:\/\/klangstelle.com\/index.php\/wp-json\/wp\/v2\/types\/avada_portfolio"}],"author":[{"embeddable":true,"href":"https:\/\/klangstelle.com\/index.php\/wp-json\/wp\/v2\/users\/1"}],"replies":[{"embeddable":true,"href":"https:\/\/klangstelle.com\/index.php\/wp-json\/wp\/v2\/comments?post=12300"}],"version-history":[{"count":2,"href":"https:\/\/klangstelle.com\/index.php\/wp-json\/wp\/v2\/avada_portfolio\/12300\/revisions"}],"predecessor-version":[{"id":12495,"href":"https:\/\/klangstelle.com\/index.php\/wp-json\/wp\/v2\/avada_portfolio\/12300\/revisions\/12495"}],"wp:featuredmedia":[{"embeddable":true,"href":"https:\/\/klangstelle.com\/index.php\/wp-json\/wp\/v2\/media\/12301"}],"wp:attachment":[{"href":"https:\/\/klangstelle.com\/index.php\/wp-json\/wp\/v2\/media?parent=12300"}],"wp:term":[{"taxonomy":"portfolio_category","embeddable":true,"href":"https:\/\/klangstelle.com\/index.php\/wp-json\/wp\/v2\/portfolio_category?post=12300"},{"taxonomy":"portfolio_skills","embeddable":true,"href":"https:\/\/klangstelle.com\/index.php\/wp-json\/wp\/v2\/portfolio_skills?post=12300"},{"taxonomy":"portfolio_tags","embeddable":true,"href":"https:\/\/klangstelle.com\/index.php\/wp-json\/wp\/v2\/portfolio_tags?post=12300"}],"curies":[{"name":"wp","href":"https:\/\/api.w.org\/{rel}","templated":true}]}}